{"id":14,"date":"2022-07-27T10:00:39","date_gmt":"2022-07-27T15:00:39","guid":{"rendered":"https:\/\/uxcolombia.co\/colbaja\/?page_id=14"},"modified":"2023-05-13T08:58:54","modified_gmt":"2023-05-13T13:58:54","slug":"proyectos-bajos-en-carbono","status":"publish","type":"page","link":"https:\/\/fondoaccion.org\/colombiabajaencarbono\/proyectos-bajos-en-carbono\/","title":{"rendered":"Proyectos bajos en carbono"},"content":{"rendered":"\t\t<div data-elementor-type=\"wp-page\" data-elementor-id=\"14\" class=\"elementor elementor-14\">\n\t\t\t\t\t\t\t\t\t<section class=\"elementor-section elementor-top-section elementor-element elementor-element-917b3cb elementor-section-full_width elementor-section-height-min-height elementor-section-items-top elementor-section-stretched elementor-section-height-default\" data-id=\"917b3cb\" data-element_type=\"section\" data-settings=\"{&quot;stretch_section&quot;:&quot;section-stretched&quot;,&quot;background_background&quot;:&quot;classic&quot;}\">\n\t\t\t\t\t\t<div class=\"elementor-container elementor-column-gap-default\">\n\t\t\t\t\t<div class=\"elementor-column elementor-col-100 elementor-top-column elementor-element elementor-element-707a3a0\" data-id=\"707a3a0\" data-element_type=\"column\">\n\t\t\t<div class=\"elementor-widget-wrap elementor-element-populated\">\n\t\t\t\t\t\t\t\t<section class=\"elementor-section elementor-inner-section elementor-element elementor-element-58606cb elementor-section-boxed elementor-section-height-default elementor-section-height-default\" data-id=\"58606cb\" data-element_type=\"section\">\n\t\t\t\t\t\t<div class=\"elementor-container elementor-column-gap-default\">\n\t\t\t\t\t<div class=\"elementor-column elementor-col-100 elementor-inner-column elementor-element elementor-element-19eb269\" data-id=\"19eb269\" data-element_type=\"column\">\n\t\t\t<div class=\"elementor-widget-wrap elementor-element-populated\">\n\t\t\t\t\t\t\t\t<div class=\"elementor-element elementor-element-4ef6daf elementor-widget elementor-widget-text-editor\" data-id=\"4ef6daf\" data-element_type=\"widget\" data-widget_type=\"text-editor.default\">\n\t\t\t\t<div class=\"elementor-widget-container\">\n\t\t\t<style>\/*! elementor - v3.11.0 - 13-02-2023 *\/\n.elementor-widget-text-editor.elementor-drop-cap-view-stacked .elementor-drop-cap{background-color:#818a91;color:#fff}.elementor-widget-text-editor.elementor-drop-cap-view-framed .elementor-drop-cap{color:#818a91;border:3px solid;background-color:transparent}.elementor-widget-text-editor:not(.elementor-drop-cap-view-default) .elementor-drop-cap{margin-top:8px}.elementor-widget-text-editor:not(.elementor-drop-cap-view-default) .elementor-drop-cap-letter{width:1em;height:1em}.elementor-widget-text-editor .elementor-drop-cap{float:left;text-align:center;line-height:1;font-size:50px}.elementor-widget-text-editor .elementor-drop-cap-letter{display:inline-block}<\/style>\t\t\t\t<p>Estos proyectos est\u00e1n incentivando a sectores econ\u00f3micos y autoridades regionales a facilitar condiciones para la apropiaci\u00f3n de tecnolog\u00edas y conocimientos que aporten a un pa\u00eds carboneutral para el a\u00f1o 2050.<\/p>\t\t\t\t\t\t<\/div>\n\t\t\t\t<\/div>\n\t\t\t\t<div class=\"elementor-element elementor-element-1f02d2f elementor-widget elementor-widget-text-editor\" data-id=\"1f02d2f\" data-element_type=\"widget\" data-widget_type=\"text-editor.default\">\n\t\t\t\t<div class=\"elementor-widget-container\">\n\t\t\t\t\t\t\t<p><a href=\"https:\/\/fondoaccion.org\/?smd_process_download=1&amp;download_id=15585\" target=\"_blank\" rel=\"noopener\">Descargue infograf\u00eda sobre los proyectos<\/a><\/p>\t\t\t\t\t\t<\/div>\n\t\t\t\t<\/div>\n\t\t\t\t\t<\/div>\n\t\t<\/div>\n\t\t\t\t\t\t\t<\/div>\n\t\t<\/section>\n\t\t\t\t<section class=\"elementor-section elementor-inner-section elementor-element elementor-element-6fbdf36 elementor-section-boxed elementor-section-height-default elementor-section-height-default\" data-id=\"6fbdf36\" data-element_type=\"section\">\n\t\t\t\t\t\t<div class=\"elementor-container elementor-column-gap-default\">\n\t\t\t\t\t<div class=\"elementor-column elementor-col-100 elementor-inner-column elementor-element elementor-element-52ce2ae\" data-id=\"52ce2ae\" data-element_type=\"column\">\n\t\t\t<div class=\"elementor-widget-wrap elementor-element-populated\">\n\t\t\t\t\t\t\t\t<div class=\"elementor-element elementor-element-6535dfa elementor-widget elementor-widget-smart_post_show_pro_shortcode\" data-id=\"6535dfa\" data-element_type=\"widget\" data-widget_type=\"smart_post_show_pro_shortcode.default\">\n\t\t\t\t<div class=\"elementor-widget-container\">\n\t\t\t<style id=\"sp_pcp_dynamic_style629\">#pcp_wrapper-629 .sp-pcp-row{ margin-right: -5px;margin-left: -5px;}#pcp_wrapper-629 .sp-pcp-row [class*='sp-pcp-col-']{padding-right: 5px;padding-left: 5px;padding-bottom: 10px;}.pcp-wrapper-629 .sp-pcp-title a {color: #111;display: inherit;} .pcp-wrapper-629 .sp-pcp-title a:hover {color: #e1624b;}#pcp_wrapper-629 .dots .swiper-pagination-bullet{ background: rgba(229,229,229,0.49); } #pcp_wrapper-629 .dots .swiper-pagination-bullet-active { background: #ffffff; }#pcp_wrapper-629 .pcp-button-prev,#pcp_wrapper-629 .pcp-button-next{ background-image: none; background-size: auto; background-color: rgba(255,255,255,0); height: 33px; width: 33px; margin-top: 8px; border: 1px solid #ffffff; text-align: center; line-height: 30px; -webkit-transition: 0.3s; }#pcp_wrapper-629 .pcp-button-prev:hover, #pcp_wrapper-629 .pcp-button-next:hover{ background-color: #ffffff; border-color: #ffffff; } #pcp_wrapper-629 .pcp-button-prev .fa, #pcp_wrapper-629 .pcp-button-next .fa { color: #ffffff; } #pcp_wrapper-629 .pcp-button-prev:hover .fa, #pcp_wrapper-629 .pcp-button-next:hover .fa { color: #00a850; } #pcp_wrapper-629.pcp-carousel-wrapper .sp-pcp-post{ margin-top: 0; }#pcp_wrapper-629 .sp-pcp-post {padding: 0 0 0 0;}#pcp_wrapper-629 .sp-pcp-post {border: 0px solid #e2e2e2;}#pcp_wrapper-629 .sp-pcp-post {border-radius: 0px;}#pcp_wrapper-629 .sp-pcp-post{background-color: transparent;}.pcp-wrapper-629 .sp-pcp-post-meta li,.pcp-wrapper-629 .sp-pcp-post-meta ul,.pcp-wrapper-629 .sp-pcp-post-meta li a{color: #888;}.pcp-wrapper-629 .sp-pcp-post-meta li a:hover{color: #e1624b;}#pcp_wrapper-629 .pcp-post-pagination .page-numbers.current, #pcp_wrapper-629 .pcp-post-pagination a.active , #pcp_wrapper-629 .pcp-post-pagination a:hover{ color: #ffffff; background: #e1624b; border-color: #e1624b; }#pcp_wrapper-629 .pcp-post-pagination .page-numbers, .pcp-post-pagination a{ background: #ffffff; color:#5e5e5e; border-color: #bbbbbb; }<\/style><!-- Markup Starts -->\n<div id=\"pcp_wrapper-629\" class=\"sp-pcp-section sp-pcp-container pcp-wrapper-629 pcp-carousel-wrapper standard\" data-sid=\"629\">\n\t<div id=\"sp-pcp-id-629\" class=\"swiper-container sp-pcp-carousel top_right\" dir=\"ltr\" data-carousel='{ \"speed\":600, \"items\":3, \"spaceBetween\":10, \"navigation\":true, \"pagination\": true, \"autoplay\": true, \"autoplay_speed\": 2000, \"loop\": true, \"autoHeight\": false, \"lazy\":  true, \"simulateTouch\": true, \"freeMode\": false, \"slider_mouse_wheel\": false,\"allowTouchMove\": true, \"slidesPerView\": {\"lg_desktop\": 3, \"desktop\": 3, \"tablet\": 3, \"mobile_landscape\": 2, \"mobile\": 1}, \"navigation_mobile\": true, \"pagination_mobile\": true, \"stop_onHover\": true, \"enabled\": true, \"prevSlideMessage\": \"Previous slide\", \"nextSlideMessage\": \"Next slide\", \"firstSlideMessage\": \"This is the first slide\", \"lastSlideMessage\": \"This is the last slide\", \"paginationBulletMessage\": \"Go to slide {{index}}\" }'>\n\t\t\t<div class=\"swiper-wrapper\">\n\t\t\t\t\t\t<div class=\" swiper-slide swiper-lazy\">\n\t\t\t<div class=\"sp-pcp-post pcp-item-672\" data-id=\"672\">\n\t\t\t\t\t\t\t\t<div class=\"pcp-post-thumb-wrapper\">\n\t\t\t\t\t<div class=\"sp-pcp-post-thumb-area\">\n\t\t\t\t\t\t\t\t\t\t\t\t<a class=\"sp-pcp-thumb\" href=\"https:\/\/fondoaccion.org\/colombiabajaencarbono\/implementacion-de-proyectos-de-eficiencia-energetica-y-desarrollo-bajo-encarbono-en-empresas-del-sector-industrial\/\" target=\"_self\" >\n\t\t\t\t\t\t\t\t\t\t\t\t\t<img loading=\"lazy\" decoding=\"async\" src=\"https:\/\/fondoaccion.org\/colombiabajaencarbono\/wp-content\/uploads\/2022\/08\/1.-Implementacion-de-proyectos-de-eficiencia-energetica-y-desarrollo-bajo-en-carbono-en-empresas-del-sector-industrial-1.jpg\" width=\"1499\" height=\"1000\" alt=\"\">\n\t\t\t\t\t\t<\/a>\n\t\t\t\t\t<\/div>\n\t\t\t\t<\/div>\n\t\t\t\t\t\t\t<h2 class=\"sp-pcp-title\">\n\t\t\t\t\t\t\t\t\t<a href=\"https:\/\/fondoaccion.org\/colombiabajaencarbono\/implementacion-de-proyectos-de-eficiencia-energetica-y-desarrollo-bajo-encarbono-en-empresas-del-sector-industrial\/\"  target=\"_self\">Implementaci\u00f3n de proyectos de eficiencia energ\u00e9tica y desarrollo bajo en<br>carbono en empresas del sector industrial<\/a>\t\t\t\t\t\t\t<\/h2>\n\t\t\t\t\t\t\t<\/div>\n\t\t<\/div>\n\t\t\t\t<div class=\" swiper-slide swiper-lazy\">\n\t\t\t<div class=\"sp-pcp-post pcp-item-674\" data-id=\"674\">\n\t\t\t\t\t\t\t\t<div class=\"pcp-post-thumb-wrapper\">\n\t\t\t\t\t<div class=\"sp-pcp-post-thumb-area\">\n\t\t\t\t\t\t\t\t\t\t\t\t<a class=\"sp-pcp-thumb\" href=\"https:\/\/fondoaccion.org\/colombiabajaencarbono\/fortalecimiento-de-sistemas-productivos-socio-ecologicos-como-estrategia-de-desarrollo-rural-bajo-en-carbono\/\" target=\"_self\" >\n\t\t\t\t\t\t\t\t\t\t\t\t\t<img loading=\"lazy\" decoding=\"async\" src=\"https:\/\/fondoaccion.org\/colombiabajaencarbono\/wp-content\/uploads\/2022\/08\/2.-Fortalecimiento-de-sistemas-productivos-socio-ecologicos-como-estrategia-de-desarrollo-rural-bajo-en-carbono-2.jpg\" width=\"1498\" height=\"1000\" alt=\"\">\n\t\t\t\t\t\t<\/a>\n\t\t\t\t\t<\/div>\n\t\t\t\t<\/div>\n\t\t\t\t\t\t\t<h2 class=\"sp-pcp-title\">\n\t\t\t\t\t\t\t\t\t<a href=\"https:\/\/fondoaccion.org\/colombiabajaencarbono\/fortalecimiento-de-sistemas-productivos-socio-ecologicos-como-estrategia-de-desarrollo-rural-bajo-en-carbono\/\"  target=\"_self\">Fortalecimiento de sistemas productivos socio ecol\u00f3gicos como estrategia de desarrollo rural bajo en carbono<\/a>\t\t\t\t\t\t\t<\/h2>\n\t\t\t\t\t\t\t<\/div>\n\t\t<\/div>\n\t\t\t\t<div class=\" swiper-slide swiper-lazy\">\n\t\t\t<div class=\"sp-pcp-post pcp-item-676\" data-id=\"676\">\n\t\t\t\t\t\t\t\t<div class=\"pcp-post-thumb-wrapper\">\n\t\t\t\t\t<div class=\"sp-pcp-post-thumb-area\">\n\t\t\t\t\t\t\t\t\t\t\t\t<a class=\"sp-pcp-thumb\" href=\"https:\/\/fondoaccion.org\/colombiabajaencarbono\/geoparque-para-la-fabricacion-de-combustible-solido-formulado-a-partir-deresiduos\/\" target=\"_self\" >\n\t\t\t\t\t\t\t\t\t\t\t\t\t<img loading=\"lazy\" decoding=\"async\" src=\"https:\/\/fondoaccion.org\/colombiabajaencarbono\/wp-content\/uploads\/2022\/08\/Geoparque-para-la-fabricacion-de-combustible-solido.jpg\" width=\"1180\" height=\"787\" alt=\"\">\n\t\t\t\t\t\t<\/a>\n\t\t\t\t\t<\/div>\n\t\t\t\t<\/div>\n\t\t\t\t\t\t\t<h2 class=\"sp-pcp-title\">\n\t\t\t\t\t\t\t\t\t<a href=\"https:\/\/fondoaccion.org\/colombiabajaencarbono\/geoparque-para-la-fabricacion-de-combustible-solido-formulado-a-partir-deresiduos\/\"  target=\"_self\">Geoparque para la fabricaci\u00f3n de combustible s\u00f3lido formulado a partir de<br>residuos<\/a>\t\t\t\t\t\t\t<\/h2>\n\t\t\t\t\t\t\t<\/div>\n\t\t<\/div>\n\t\t\t\t<div class=\" swiper-slide swiper-lazy\">\n\t\t\t<div class=\"sp-pcp-post pcp-item-680\" data-id=\"680\">\n\t\t\t\t\t\t\t\t<div class=\"pcp-post-thumb-wrapper\">\n\t\t\t\t\t<div class=\"sp-pcp-post-thumb-area\">\n\t\t\t\t\t\t\t\t\t\t\t\t<a class=\"sp-pcp-thumb\" href=\"https:\/\/fondoaccion.org\/colombiabajaencarbono\/disminucion-de-las-emisiones-de-gases-de-efecto-invernadero-mediante-elaprovechamiento-de-residuos-plasticos\/\" target=\"_self\" >\n\t\t\t\t\t\t\t\t\t\t\t\t\t<img loading=\"lazy\" decoding=\"async\" src=\"https:\/\/fondoaccion.org\/colombiabajaencarbono\/wp-content\/uploads\/2022\/08\/3.Disminucion-de-las-emisiones-de-gases-de-efecto-invernadero-mediante-el-aprovechamiento-de-residuos-plasticos-9.jpg\" width=\"1499\" height=\"1000\" alt=\"\">\n\t\t\t\t\t\t<\/a>\n\t\t\t\t\t<\/div>\n\t\t\t\t<\/div>\n\t\t\t\t\t\t\t<h2 class=\"sp-pcp-title\">\n\t\t\t\t\t\t\t\t\t<a href=\"https:\/\/fondoaccion.org\/colombiabajaencarbono\/disminucion-de-las-emisiones-de-gases-de-efecto-invernadero-mediante-elaprovechamiento-de-residuos-plasticos\/\"  target=\"_self\">Disminuci\u00f3n de las emisiones de gases de efecto invernadero mediante el<br>aprovechamiento de residuos pl\u00e1sticos<\/a>\t\t\t\t\t\t\t<\/h2>\n\t\t\t\t\t\t\t<\/div>\n\t\t<\/div>\n\t\t\t\t<div class=\" swiper-slide swiper-lazy\">\n\t\t\t<div class=\"sp-pcp-post pcp-item-678\" data-id=\"678\">\n\t\t\t\t\t\t\t\t<div class=\"pcp-post-thumb-wrapper\">\n\t\t\t\t\t<div class=\"sp-pcp-post-thumb-area\">\n\t\t\t\t\t\t\t\t\t\t\t\t<a class=\"sp-pcp-thumb\" href=\"https:\/\/fondoaccion.org\/colombiabajaencarbono\/plan-vaca-madrina\/\" target=\"_self\" >\n\t\t\t\t\t\t\t\t\t\t\t\t\t<img loading=\"lazy\" decoding=\"async\" src=\"https:\/\/fondoaccion.org\/colombiabajaencarbono\/wp-content\/uploads\/2022\/08\/plan-vaca-madrina.jpg\" width=\"1500\" height=\"1000\" alt=\"\">\n\t\t\t\t\t\t<\/a>\n\t\t\t\t\t<\/div>\n\t\t\t\t<\/div>\n\t\t\t\t\t\t\t<h2 class=\"sp-pcp-title\">\n\t\t\t\t\t\t\t\t\t<a href=\"https:\/\/fondoaccion.org\/colombiabajaencarbono\/plan-vaca-madrina\/\"  target=\"_self\">Plan vaca madrina<\/a>\t\t\t\t\t\t\t<\/h2>\n\t\t\t\t\t\t\t<\/div>\n\t\t<\/div>\n\t\t\t\t\t<\/div>\n\t\t\t\t\t\t<div class=\"pcp-pagination swiper-pagination dots\"><\/div>\n\t\t\t\t\t\t\t\t\t\t<div class=\"pcp-button-next swiper-button-next top_right\"><i class=\"fa fa-angle-right\"><\/i><\/div>\n\t\t\t\t<div class=\"pcp-button-prev swiper-button-prev top_right\"><i class=\"fa fa-angle-left\"><\/i><\/div>\t<\/div>\n<\/div>\n\t\t<\/div>\n\t\t\t\t<\/div>\n\t\t\t\t\t<\/div>\n\t\t<\/div>\n\t\t\t\t\t\t\t<\/div>\n\t\t<\/section>\n\t\t\t\t\t<\/div>\n\t\t<\/div>\n\t\t\t\t\t\t\t<\/div>\n\t\t<\/section>\n\t\t\t\t\t\t\t<\/div>\n\t\t","protected":false},"excerpt":{"rendered":"<p>Estos proyectos est\u00e1n incentivando a sectores econ\u00f3micos y autoridades regionales a facilitar condiciones para la apropiaci\u00f3n de tecnolog\u00edas y conocimientos que aporten a un pa\u00eds carboneutral para el a\u00f1o 2050. Descargue infograf\u00eda sobre los proyectos Implementaci\u00f3n de proyectos de eficiencia energ\u00e9tica y desarrollo bajo encarbono en empresas del sector industrial Fortalecimiento de sistemas productivos socio &hellip;<\/p>\n<p class=\"read-more\"> <a class=\"\" href=\"https:\/\/fondoaccion.org\/colombiabajaencarbono\/plan-vaca-madrina\/\"> <span class=\"screen-reader-text\">Plan vaca madrina<\/span> Leer m\u00e1s &raquo;<\/a><\/p>\n","protected":false},"author":2,"featured_media":0,"parent":0,"menu_order":0,"comment_status":"closed","ping_status":"closed","template":"","meta":{"site-sidebar-layout":"no-sidebar","site-content-layout":"page-builder","ast-global-header-display":"","ast-main-header-display":"","ast-hfb-above-header-display":"","ast-hfb-below-header-display":"","ast-hfb-mobile-header-display":"","site-post-title":"disabled","ast-breadcrumbs-content":"","ast-featured-img":"disabled","footer-sml-layout":"","theme-transparent-header-meta":"","adv-header-id-meta":"","stick-header-meta":"","header-above-stick-meta":"","header-main-stick-meta":"","header-below-stick-meta":"","footnotes":""},"class_list":["post-14","page","type-page","status-publish","hentry"],"_links":{"self":[{"href":"https:\/\/fondoaccion.org\/colombiabajaencarbono\/wp-json\/wp\/v2\/pages\/14","targetHints":{"allow":["GET"]}}],"collection":[{"href":"https:\/\/fondoaccion.org\/colombiabajaencarbono\/wp-json\/wp\/v2\/pages"}],"about":[{"href":"https:\/\/fondoaccion.org\/colombiabajaencarbono\/wp-json\/wp\/v2\/types\/page"}],"author":[{"embeddable":true,"href":"https:\/\/fondoaccion.org\/colombiabajaencarbono\/wp-json\/wp\/v2\/users\/2"}],"replies":[{"embeddable":true,"href":"https:\/\/fondoaccion.org\/colombiabajaencarbono\/wp-json\/wp\/v2\/comments?post=14"}],"version-history":[{"count":94,"href":"https:\/\/fondoaccion.org\/colombiabajaencarbono\/wp-json\/wp\/v2\/pages\/14\/revisions"}],"predecessor-version":[{"id":2685,"href":"https:\/\/fondoaccion.org\/colombiabajaencarbono\/wp-json\/wp\/v2\/pages\/14\/revisions\/2685"}],"wp:attachment":[{"href":"https:\/\/fondoaccion.org\/colombiabajaencarbono\/wp-json\/wp\/v2\/media?parent=14"}],"curies":[{"name":"wp","href":"https:\/\/api.w.org\/{rel}","templated":true}]}}