{"id":12,"date":"2022-07-27T10:00:04","date_gmt":"2022-07-27T15:00:04","guid":{"rendered":"https:\/\/uxcolombia.co\/colbaja\/?page_id=12"},"modified":"2023-05-13T08:58:11","modified_gmt":"2023-05-13T13:58:11","slug":"portafolio-de-ideas-innovadoras","status":"publish","type":"page","link":"https:\/\/fondoaccion.org\/colombiabajaencarbono\/portafolio-de-ideas-innovadoras\/","title":{"rendered":"Portafolio de proyectos innovadores"},"content":{"rendered":"\t\t<div data-elementor-type=\"wp-page\" data-elementor-id=\"12\" class=\"elementor elementor-12\">\n\t\t\t\t\t\t\t\t\t<section class=\"elementor-section elementor-top-section elementor-element elementor-element-c9e57ba elementor-section-full_width elementor-section-height-min-height elementor-section-items-top elementor-section-stretched elementor-section-height-default\" data-id=\"c9e57ba\" data-element_type=\"section\" data-settings=\"{&quot;stretch_section&quot;:&quot;section-stretched&quot;,&quot;background_background&quot;:&quot;classic&quot;}\">\n\t\t\t\t\t\t<div class=\"elementor-container elementor-column-gap-default\">\n\t\t\t\t\t<div class=\"elementor-column elementor-col-100 elementor-top-column elementor-element elementor-element-4a591b3\" data-id=\"4a591b3\" data-element_type=\"column\">\n\t\t\t<div class=\"elementor-widget-wrap elementor-element-populated\">\n\t\t\t\t\t\t\t\t<section class=\"elementor-section elementor-inner-section elementor-element elementor-element-adf4a45 elementor-section-boxed elementor-section-height-default elementor-section-height-default\" data-id=\"adf4a45\" data-element_type=\"section\">\n\t\t\t\t\t\t<div class=\"elementor-container elementor-column-gap-default\">\n\t\t\t\t\t<div class=\"elementor-column elementor-col-100 elementor-inner-column elementor-element elementor-element-80283ac\" data-id=\"80283ac\" data-element_type=\"column\">\n\t\t\t<div class=\"elementor-widget-wrap elementor-element-populated\">\n\t\t\t\t\t\t\t\t<div class=\"elementor-element elementor-element-bf7ceb2 elementor-widget elementor-widget-text-editor\" data-id=\"bf7ceb2\" data-element_type=\"widget\" data-widget_type=\"text-editor.default\">\n\t\t\t\t<div class=\"elementor-widget-container\">\n\t\t\t<style>\/*! elementor - v3.11.0 - 13-02-2023 *\/\n.elementor-widget-text-editor.elementor-drop-cap-view-stacked .elementor-drop-cap{background-color:#818a91;color:#fff}.elementor-widget-text-editor.elementor-drop-cap-view-framed .elementor-drop-cap{color:#818a91;border:3px solid;background-color:transparent}.elementor-widget-text-editor:not(.elementor-drop-cap-view-default) .elementor-drop-cap{margin-top:8px}.elementor-widget-text-editor:not(.elementor-drop-cap-view-default) .elementor-drop-cap-letter{width:1em;height:1em}.elementor-widget-text-editor .elementor-drop-cap{float:left;text-align:center;line-height:1;font-size:50px}.elementor-widget-text-editor .elementor-drop-cap-letter{display:inline-block}<\/style>\t\t\t\t<p>En los sectores del agro, el turismo, la construcci\u00f3n, el manejo y aprovechamiento de los residuos s\u00f3lidos, las energ\u00edas sustentables, la movilidad, la conservaci\u00f3n y restauraci\u00f3n, entre otras, est\u00e1n algunas de las posibilidades de inversi\u00f3n que abrimos para que empresarios, cooperantes y otros inversionistas impulsen formas de hacer las cosas que busquen la sostenibilidad socio ambiental, obtengan resultados econ\u00f3micos, una mayor reputaci\u00f3n y sean parte de la acci\u00f3n clim\u00e1tica, como una forma de aportar desde el presente a la viabilidad del planeta.<\/p>\t\t\t\t\t\t<\/div>\n\t\t\t\t<\/div>\n\t\t\t\t\t<\/div>\n\t\t<\/div>\n\t\t\t\t\t\t\t<\/div>\n\t\t<\/section>\n\t\t\t\t<section class=\"elementor-section elementor-inner-section elementor-element elementor-element-d36e9dd elementor-section-boxed elementor-section-height-default elementor-section-height-default\" data-id=\"d36e9dd\" data-element_type=\"section\">\n\t\t\t\t\t\t<div class=\"elementor-container elementor-column-gap-default\">\n\t\t\t\t\t<div class=\"elementor-column elementor-col-100 elementor-inner-column elementor-element elementor-element-af8fd38\" data-id=\"af8fd38\" data-element_type=\"column\">\n\t\t\t<div class=\"elementor-widget-wrap elementor-element-populated\">\n\t\t\t\t\t\t\t\t<div class=\"elementor-element elementor-element-bc2f8b8 elementor-widget elementor-widget-smart_post_show_pro_shortcode\" data-id=\"bc2f8b8\" data-element_type=\"widget\" data-widget_type=\"smart_post_show_pro_shortcode.default\">\n\t\t\t\t<div class=\"elementor-widget-container\">\n\t\t\t<style id=\"sp_pcp_dynamic_style792\">#pcp_wrapper-792 .sp-pcp-row{ margin-right: -5px;margin-left: -5px;}#pcp_wrapper-792 .sp-pcp-row [class*='sp-pcp-col-']{padding-right: 5px;padding-left: 5px;padding-bottom: 10px;}#pcp_wrapper-792 .dots .swiper-pagination-bullet{ background: rgba(229,229,229,0.49); } #pcp_wrapper-792 .dots .swiper-pagination-bullet-active { background: #ffffff; }#pcp_wrapper-792 .pcp-button-prev,#pcp_wrapper-792 .pcp-button-next{ background-image: none; background-size: auto; background-color: rgba(255,255,255,0); height: 33px; width: 33px; margin-top: 8px; border: 1px solid #ffffff; text-align: center; line-height: 30px; -webkit-transition: 0.3s; }#pcp_wrapper-792 .pcp-button-prev:hover, #pcp_wrapper-792 .pcp-button-next:hover{ background-color: #ffffff; border-color: #ffffff; } #pcp_wrapper-792 .pcp-button-prev .fa, #pcp_wrapper-792 .pcp-button-next .fa { color: #ffffff; } #pcp_wrapper-792 .pcp-button-prev:hover .fa, #pcp_wrapper-792 .pcp-button-next:hover .fa { color: #00a850; } #pcp_wrapper-792.pcp-carousel-wrapper .sp-pcp-post{ margin-top: 0; }#pcp_wrapper-792 .sp-pcp-post {padding: 0 0 0 0;}#pcp_wrapper-792 .sp-pcp-post {border: 0px solid #e2e2e2;}#pcp_wrapper-792 .sp-pcp-post {border-radius: 0px;}#pcp_wrapper-792 .sp-pcp-post{background-color: transparent;}.pcp-wrapper-792 .sp-pcp-post-meta li,.pcp-wrapper-792 .sp-pcp-post-meta ul,.pcp-wrapper-792 .sp-pcp-post-meta li a{color: #888;}.pcp-wrapper-792 .sp-pcp-post-meta li a:hover{color: #e1624b;}#pcp_wrapper-792 .pcp-post-pagination .page-numbers.current, #pcp_wrapper-792 .pcp-post-pagination a.active , #pcp_wrapper-792 .pcp-post-pagination a:hover{ color: #ffffff; background: #e1624b; border-color: #e1624b; }#pcp_wrapper-792 .pcp-post-pagination .page-numbers, .pcp-post-pagination a{ background: #ffffff; color:#5e5e5e; border-color: #bbbbbb; }<\/style><!-- Markup Starts -->\n<div id=\"pcp_wrapper-792\" class=\"sp-pcp-section sp-pcp-container pcp-wrapper-792 pcp-carousel-wrapper standard\" data-sid=\"792\">\n\t<div id=\"sp-pcp-id-792\" class=\"swiper-container sp-pcp-carousel top_right\" dir=\"ltr\" data-carousel='{ \"speed\":600, \"items\":4, \"spaceBetween\":10, \"navigation\":true, \"pagination\": true, \"autoplay\": true, \"autoplay_speed\": 2000, \"loop\": true, \"autoHeight\": false, \"lazy\":  true, \"simulateTouch\": true, \"freeMode\": false, \"slider_mouse_wheel\": false,\"allowTouchMove\": true, \"slidesPerView\": {\"lg_desktop\": 4, \"desktop\": 4, \"tablet\": 3, \"mobile_landscape\": 2, \"mobile\": 1}, \"navigation_mobile\": true, \"pagination_mobile\": true, \"stop_onHover\": true, \"enabled\": true, \"prevSlideMessage\": \"Previous slide\", \"nextSlideMessage\": \"Next slide\", \"firstSlideMessage\": \"This is the first slide\", \"lastSlideMessage\": \"This is the last slide\", \"paginationBulletMessage\": \"Go to slide {{index}}\" }'>\n\t\t\t<div class=\"swiper-wrapper\">\n\t\t\t\t\t\t<div class=\" swiper-slide swiper-lazy\">\n\t\t\t<div class=\"sp-pcp-post pcp-item-745\" data-id=\"745\">\n\t\t\t\t\t\t\t\t<div class=\"pcp-post-thumb-wrapper\">\n\t\t\t\t\t<div class=\"sp-pcp-post-thumb-area\">\n\t\t\t\t\t\t\t\t\t\t\t\t<a class=\"sp-pcp-thumb\" href=\"https:\/\/fondoaccion.org\/colombiabajaencarbono\/construccion-sostenible-en-guadua-para-el-desarrollo-bajo-en-carbono-en-el-area-del-pccc\/\" target=\"_self\" >\n\t\t\t\t\t\t\t\t\t\t\t\t\t<img loading=\"lazy\" decoding=\"async\" src=\"https:\/\/fondoaccion.org\/colombiabajaencarbono\/wp-content\/uploads\/2022\/08\/01_Ficha_Fedeguadua_2022-1_page-0001.jpg\" width=\"1275\" height=\"1650\" alt=\"\">\n\t\t\t\t\t\t<\/a>\n\t\t\t\t\t<\/div>\n\t\t\t\t<\/div>\n\t\t\t\t\t\t\t<\/div>\n\t\t<\/div>\n\t\t\t\t<div class=\" swiper-slide swiper-lazy\">\n\t\t\t<div class=\"sp-pcp-post pcp-item-747\" data-id=\"747\">\n\t\t\t\t\t\t\t\t<div class=\"pcp-post-thumb-wrapper\">\n\t\t\t\t\t<div class=\"sp-pcp-post-thumb-area\">\n\t\t\t\t\t\t\t\t\t\t\t\t<a class=\"sp-pcp-thumb\" href=\"https:\/\/fondoaccion.org\/colombiabajaencarbono\/manejo-inteligente-de-residuos-en-el-sector-turistico-del-quindio\/\" target=\"_self\" >\n\t\t\t\t\t\t\t\t\t\t\t\t\t<img loading=\"lazy\" decoding=\"async\" src=\"https:\/\/fondoaccion.org\/colombiabajaencarbono\/wp-content\/uploads\/2022\/08\/02_Ficha_CCioArmenia_2022-1_page-0001.jpg\" width=\"1275\" height=\"1650\" alt=\"Manejo inteligente de residuos en el sector tur\u00edstico del Quind\u00edo\">\n\t\t\t\t\t\t<\/a>\n\t\t\t\t\t<\/div>\n\t\t\t\t<\/div>\n\t\t\t\t\t\t\t<\/div>\n\t\t<\/div>\n\t\t\t\t<div class=\" swiper-slide swiper-lazy\">\n\t\t\t<div class=\"sp-pcp-post pcp-item-749\" data-id=\"749\">\n\t\t\t\t\t\t\t\t<div class=\"pcp-post-thumb-wrapper\">\n\t\t\t\t\t<div class=\"sp-pcp-post-thumb-area\">\n\t\t\t\t\t\t\t\t\t\t\t\t<a class=\"sp-pcp-thumb\" href=\"https:\/\/fondoaccion.org\/colombiabajaencarbono\/cuerval-sostenible\/\" target=\"_self\" >\n\t\t\t\t\t\t\t\t\t\t\t\t\t<img loading=\"lazy\" decoding=\"async\" src=\"https:\/\/fondoaccion.org\/colombiabajaencarbono\/wp-content\/uploads\/2022\/08\/03_Ficha_CRC_2022-1_page-0001.jpg\" width=\"1275\" height=\"1650\" alt=\"cuerval sostenible\">\n\t\t\t\t\t\t<\/a>\n\t\t\t\t\t<\/div>\n\t\t\t\t<\/div>\n\t\t\t\t\t\t\t<\/div>\n\t\t<\/div>\n\t\t\t\t<div class=\" swiper-slide swiper-lazy\">\n\t\t\t<div class=\"sp-pcp-post pcp-item-751\" data-id=\"751\">\n\t\t\t\t\t\t\t\t<div class=\"pcp-post-thumb-wrapper\">\n\t\t\t\t\t<div class=\"sp-pcp-post-thumb-area\">\n\t\t\t\t\t\t\t\t\t\t\t\t<a class=\"sp-pcp-thumb\" href=\"https:\/\/fondoaccion.org\/colombiabajaencarbono\/cannabis-para-el-desarrollo-bajo-carbono-en-el-sector-agroindustrial-delsuroccidente-colombiano\/\" target=\"_self\" >\n\t\t\t\t\t\t\t\t\t\t\t\t\t<img loading=\"lazy\" decoding=\"async\" src=\"https:\/\/fondoaccion.org\/colombiabajaencarbono\/wp-content\/uploads\/2022\/08\/04_Ficha_SYS_2022-1_page-0001.jpg\" width=\"1275\" height=\"1650\" alt=\"Cannabis para el desarrollo bajo carbono en el sector agroindustrial delsuroccidente colombiano\">\n\t\t\t\t\t\t<\/a>\n\t\t\t\t\t<\/div>\n\t\t\t\t<\/div>\n\t\t\t\t\t\t\t<\/div>\n\t\t<\/div>\n\t\t\t\t<div class=\" swiper-slide swiper-lazy\">\n\t\t\t<div class=\"sp-pcp-post pcp-item-754\" data-id=\"754\">\n\t\t\t\t\t\t\t\t<div class=\"pcp-post-thumb-wrapper\">\n\t\t\t\t\t<div class=\"sp-pcp-post-thumb-area\">\n\t\t\t\t\t\t\t\t\t\t\t\t<a class=\"sp-pcp-thumb\" href=\"https:\/\/fondoaccion.org\/colombiabajaencarbono\/gasificacion-de-carbon-para-la-obtencion-de-hidrogeno-y-su-uso-en-empresas-intensivas-en-consumo-de-energia-termica-para-norte-de-santander\/\" target=\"_self\" >\n\t\t\t\t\t\t\t\t\t\t\t\t\t<img loading=\"lazy\" decoding=\"async\" src=\"https:\/\/fondoaccion.org\/colombiabajaencarbono\/wp-content\/uploads\/2022\/08\/05_Ficha_Andi_2022_page-0001.jpg\" width=\"1275\" height=\"1650\" alt=\"Gasificaci\u00f3n de carb\u00f3n para la obtenci\u00f3n de hidr\u00f3geno y su uso en empresas intensivas en consumo de energ\u00eda t\u00e9rmica para Norte de Santander\">\n\t\t\t\t\t\t<\/a>\n\t\t\t\t\t<\/div>\n\t\t\t\t<\/div>\n\t\t\t\t\t\t\t<\/div>\n\t\t<\/div>\n\t\t\t\t<div class=\" swiper-slide swiper-lazy\">\n\t\t\t<div class=\"sp-pcp-post pcp-item-756\" data-id=\"756\">\n\t\t\t\t\t\t\t\t<div class=\"pcp-post-thumb-wrapper\">\n\t\t\t\t\t<div class=\"sp-pcp-post-thumb-area\">\n\t\t\t\t\t\t\t\t\t\t\t\t<a class=\"sp-pcp-thumb\" href=\"https:\/\/fondoaccion.org\/colombiabajaencarbono\/mujeres-a-compostar-narino\/\" target=\"_self\" >\n\t\t\t\t\t\t\t\t\t\t\t\t\t<img loading=\"lazy\" decoding=\"async\" src=\"https:\/\/fondoaccion.org\/colombiabajaencarbono\/wp-content\/uploads\/2022\/08\/06_Ficha_Bioambientar_2022-1_page-0001.jpg\" width=\"1275\" height=\"1650\" alt=\"\u00a1Mujeres, a compostar Nari\u00f1o!\">\n\t\t\t\t\t\t<\/a>\n\t\t\t\t\t<\/div>\n\t\t\t\t<\/div>\n\t\t\t\t\t\t\t<\/div>\n\t\t<\/div>\n\t\t\t\t<div class=\" swiper-slide swiper-lazy\">\n\t\t\t<div class=\"sp-pcp-post pcp-item-758\" data-id=\"758\">\n\t\t\t\t\t\t\t\t<div class=\"pcp-post-thumb-wrapper\">\n\t\t\t\t\t<div class=\"sp-pcp-post-thumb-area\">\n\t\t\t\t\t\t\t\t\t\t\t\t<a class=\"sp-pcp-thumb\" href=\"https:\/\/fondoaccion.org\/colombiabajaencarbono\/desarrollo-de-una-tecnologia-capturadora-de-gases-de-efecto-invernadero-ymaterial-particulado-para-la-reduccion-de-emisiones\/\" target=\"_self\" >\n\t\t\t\t\t\t\t\t\t\t\t\t\t<img loading=\"lazy\" decoding=\"async\" src=\"https:\/\/fondoaccion.org\/colombiabajaencarbono\/wp-content\/uploads\/2022\/08\/07_Ficha_EAFIT_2022-1_page-0001.jpg\" width=\"1275\" height=\"1650\" alt=\"Desarrollo de una tecnolog\u00eda capturadora de Gases de Efecto Invernadero y material particulado para la reducci\u00f3n de emisiones y la disminuci\u00f3n de la contaminaci\u00f3n\">\n\t\t\t\t\t\t<\/a>\n\t\t\t\t\t<\/div>\n\t\t\t\t<\/div>\n\t\t\t\t\t\t\t<\/div>\n\t\t<\/div>\n\t\t\t\t<div class=\" swiper-slide swiper-lazy\">\n\t\t\t<div class=\"sp-pcp-post pcp-item-760\" data-id=\"760\">\n\t\t\t\t\t\t\t\t<div class=\"pcp-post-thumb-wrapper\">\n\t\t\t\t\t<div class=\"sp-pcp-post-thumb-area\">\n\t\t\t\t\t\t\t\t\t\t\t\t<a class=\"sp-pcp-thumb\" href=\"https:\/\/fondoaccion.org\/colombiabajaencarbono\/santander-circular-y-bajo-en-carbono-con-la-estrategia-de-economia-circular-de-los-residuos-solidos-en-el-area-metropolitana-de-bucaramanga\/\" target=\"_self\" >\n\t\t\t\t\t\t\t\t\t\t\t\t\t<img loading=\"lazy\" decoding=\"async\" src=\"https:\/\/fondoaccion.org\/colombiabajaencarbono\/wp-content\/uploads\/2022\/08\/08_Ficha_GobSantander_2022-1_page-0001.jpg\" width=\"1275\" height=\"1650\" alt=\"Santander circular y bajo en carbono con la estrategia de econom\u00eda circular de los residuos s\u00f3lidos en el \u00c1rea Metropolitana de Bucaramanga\">\n\t\t\t\t\t\t<\/a>\n\t\t\t\t\t<\/div>\n\t\t\t\t<\/div>\n\t\t\t\t\t\t\t<\/div>\n\t\t<\/div>\n\t\t\t\t<div class=\" swiper-slide swiper-lazy\">\n\t\t\t<div class=\"sp-pcp-post pcp-item-762\" data-id=\"762\">\n\t\t\t\t\t\t\t\t<div class=\"pcp-post-thumb-wrapper\">\n\t\t\t\t\t<div class=\"sp-pcp-post-thumb-area\">\n\t\t\t\t\t\t\t\t\t\t\t\t<a class=\"sp-pcp-thumb\" href=\"https:\/\/fondoaccion.org\/colombiabajaencarbono\/h-cell-celdas-de-generacion-de-hidrogeno-en-vehiculos-para-la-optimizacion-de-la-combustion-de-combustibles-fosiles-en-motores-convencionales-a-fin-de-reducir-las-emisiones-de-gases-efecto-invernadero\/\" target=\"_self\" >\n\t\t\t\t\t\t\t\t\t\t\t\t\t<img loading=\"lazy\" decoding=\"async\" src=\"https:\/\/fondoaccion.org\/colombiabajaencarbono\/wp-content\/uploads\/2022\/08\/09_Ficha_SENA_2022-1_page-0001.jpg\" width=\"1275\" height=\"1650\" alt=\"H-CELL Celdas de generaci\u00f3n de hidr\u00f3geno en veh\u00edculos para la optimizaci\u00f3n de la combusti\u00f3n de combustibles f\u00f3siles\">\n\t\t\t\t\t\t<\/a>\n\t\t\t\t\t<\/div>\n\t\t\t\t<\/div>\n\t\t\t\t\t\t\t<\/div>\n\t\t<\/div>\n\t\t\t\t<div class=\" swiper-slide swiper-lazy\">\n\t\t\t<div class=\"sp-pcp-post pcp-item-765\" data-id=\"765\">\n\t\t\t\t\t\t\t\t<div class=\"pcp-post-thumb-wrapper\">\n\t\t\t\t\t<div class=\"sp-pcp-post-thumb-area\">\n\t\t\t\t\t\t\t\t\t\t\t\t<a class=\"sp-pcp-thumb\" href=\"https:\/\/fondoaccion.org\/colombiabajaencarbono\/estructuracion-de-una-propuesta-integral-para-la-implementacion-de-un-distrito-de-enfriamiento-en-el-centro-de-bucaramanga-como-estrategia-de-mitigacion-de-cambio-climatico\/\" target=\"_self\" >\n\t\t\t\t\t\t\t\t\t\t\t\t\t<img loading=\"lazy\" decoding=\"async\" src=\"https:\/\/fondoaccion.org\/colombiabajaencarbono\/wp-content\/uploads\/2022\/08\/10_Ficha_UNAB_2022-1_page-0001.jpg\" width=\"1275\" height=\"1650\" alt=\"Estructuraci\u00f3n de una propuesta integral para la implementaci\u00f3n de un distrito de enfriamiento en el centro de Bucaramanga como estrategia de mitigaci\u00f3n de cambio clim\u00e1tico\">\n\t\t\t\t\t\t<\/a>\n\t\t\t\t\t<\/div>\n\t\t\t\t<\/div>\n\t\t\t\t\t\t\t<\/div>\n\t\t<\/div>\n\t\t\t\t<div class=\" swiper-slide swiper-lazy\">\n\t\t\t<div class=\"sp-pcp-post pcp-item-770\" data-id=\"770\">\n\t\t\t\t\t\t\t\t<div class=\"pcp-post-thumb-wrapper\">\n\t\t\t\t\t<div class=\"sp-pcp-post-thumb-area\">\n\t\t\t\t\t\t\t\t\t\t\t\t<a class=\"sp-pcp-thumb\" href=\"https:\/\/fondoaccion.org\/colombiabajaencarbono\/cafe-y-cacao-azul-una-apuesta-al-uso-de-energias-limpias-reconversiontecnologica-y-aprovechamiento-de-residuos-en-la-central-agroindustrialdealpujarra-tolima-para-la-mitigacion-del-cambio-climatic\/\" target=\"_self\" >\n\t\t\t\t\t\t\t\t\t\t\t\t\t<img loading=\"lazy\" decoding=\"async\" src=\"https:\/\/fondoaccion.org\/colombiabajaencarbono\/wp-content\/uploads\/2022\/08\/11_Ficha_Alpujarra_2022-1_page-0001.jpg\" width=\"1275\" height=\"1650\" alt=\"Caf\u00e9 y cacao azul: una apuesta al uso de energ\u00edas limpias\">\n\t\t\t\t\t\t<\/a>\n\t\t\t\t\t<\/div>\n\t\t\t\t<\/div>\n\t\t\t\t\t\t\t<\/div>\n\t\t<\/div>\n\t\t\t\t<div class=\" swiper-slide swiper-lazy\">\n\t\t\t<div class=\"sp-pcp-post pcp-item-772\" data-id=\"772\">\n\t\t\t\t\t\t\t\t<div class=\"pcp-post-thumb-wrapper\">\n\t\t\t\t\t<div class=\"sp-pcp-post-thumb-area\">\n\t\t\t\t\t\t\t\t\t\t\t\t<a class=\"sp-pcp-thumb\" href=\"https:\/\/fondoaccion.org\/colombiabajaencarbono\/bakterflam-una-alternativa-de-control-biorremediacion-y-recuperacion-de-zonas-afectadas-por-incendios-forestales-en-el-departamento-del-tolima-para-la-mitigacion-del-cambio-climatico\/\" target=\"_self\" >\n\t\t\t\t\t\t\t\t\t\t\t\t\t<img loading=\"lazy\" decoding=\"async\" src=\"https:\/\/fondoaccion.org\/colombiabajaencarbono\/wp-content\/uploads\/2022\/08\/12_Ficha_Bionativo_2022-1_page-0001.jpg\" width=\"1275\" height=\"1650\" alt=\"Bakterflam: una alternativa de control, biorremediaci\u00f3n y recuperaci\u00f3n de zonas afectadas por incendios forestales en el departamento del Tolima\">\n\t\t\t\t\t\t<\/a>\n\t\t\t\t\t<\/div>\n\t\t\t\t<\/div>\n\t\t\t\t\t\t\t<\/div>\n\t\t<\/div>\n\t\t\t\t<div class=\" swiper-slide swiper-lazy\">\n\t\t\t<div class=\"sp-pcp-post pcp-item-774\" data-id=\"774\">\n\t\t\t\t\t\t\t\t<div class=\"pcp-post-thumb-wrapper\">\n\t\t\t\t\t<div class=\"sp-pcp-post-thumb-area\">\n\t\t\t\t\t\t\t\t\t\t\t\t<a class=\"sp-pcp-thumb\" href=\"https:\/\/fondoaccion.org\/colombiabajaencarbono\/proyecto-restauracion-y-acciones-de-desarrollo-sostenible-para-la-captura-y-almacenamiento-de-carbono-en-las-areas-del-manglar-en-jurisdiccion-del-santuario-de-flora-y-fauna-el-corchal-mono-h\/\" target=\"_self\" >\n\t\t\t\t\t\t\t\t\t\t\t\t\t<img loading=\"lazy\" decoding=\"async\" src=\"https:\/\/fondoaccion.org\/colombiabajaencarbono\/wp-content\/uploads\/2022\/08\/13_Ficha_Carsucre_2022-1_page-0001.jpg\" width=\"1275\" height=\"1650\" alt=\"Proyecto Restauraci\u00f3n y acciones de desarrollo sostenible para la captura y almacenamiento de carbono en las \u00e1reas del manglar en jurisdicci\u00f3n del Santuario de Flora\">\n\t\t\t\t\t\t<\/a>\n\t\t\t\t\t<\/div>\n\t\t\t\t<\/div>\n\t\t\t\t\t\t\t<\/div>\n\t\t<\/div>\n\t\t\t\t<div class=\" swiper-slide swiper-lazy\">\n\t\t\t<div class=\"sp-pcp-post pcp-item-776\" data-id=\"776\">\n\t\t\t\t\t\t\t\t<div class=\"pcp-post-thumb-wrapper\">\n\t\t\t\t\t<div class=\"sp-pcp-post-thumb-area\">\n\t\t\t\t\t\t\t\t\t\t\t\t<a class=\"sp-pcp-thumb\" href=\"https:\/\/fondoaccion.org\/colombiabajaencarbono\/sistemas-innovadores-de-produccion-sostenible-en-cacao-del-caribe\/\" target=\"_self\" >\n\t\t\t\t\t\t\t\t\t\t\t\t\t<img loading=\"lazy\" decoding=\"async\" src=\"https:\/\/fondoaccion.org\/colombiabajaencarbono\/wp-content\/uploads\/2022\/08\/14_Ficha_CIAT_2022-1_page-0001.jpg\" width=\"1275\" height=\"1650\" alt=\"Sistemas innovadores de producci\u00f3n sostenible en cacao del Caribe\">\n\t\t\t\t\t\t<\/a>\n\t\t\t\t\t<\/div>\n\t\t\t\t<\/div>\n\t\t\t\t\t\t\t<\/div>\n\t\t<\/div>\n\t\t\t\t<div class=\" swiper-slide swiper-lazy\">\n\t\t\t<div class=\"sp-pcp-post pcp-item-778\" data-id=\"778\">\n\t\t\t\t\t\t\t\t<div class=\"pcp-post-thumb-wrapper\">\n\t\t\t\t\t<div class=\"sp-pcp-post-thumb-area\">\n\t\t\t\t\t\t\t\t\t\t\t\t<a class=\"sp-pcp-thumb\" href=\"https:\/\/fondoaccion.org\/colombiabajaencarbono\/proyecto-cesar-territorio-lider-en-el-aprovechamiento-del-capital-natural-para-la-consolidacion-de-una-cultura-orientada-a-la-mitigacion-y-adaptacion-al-cambio-climatico\/\" target=\"_self\" >\n\t\t\t\t\t\t\t\t\t\t\t\t\t<img loading=\"lazy\" decoding=\"async\" src=\"https:\/\/fondoaccion.org\/colombiabajaencarbono\/wp-content\/uploads\/2022\/08\/15_Ficha_CORPOCESAR_2022-1-1_page-0001.jpg\" width=\"1275\" height=\"1650\" alt=\"Proyecto Cesar: territorio l\u00edder en el aprovechamiento del capital natural para la consolidaci\u00f3n de una cultura orientada a la mitigaci\u00f3n y adaptaci\u00f3n al cambio clim\u00e1tico\">\n\t\t\t\t\t\t<\/a>\n\t\t\t\t\t<\/div>\n\t\t\t\t<\/div>\n\t\t\t\t\t\t\t<\/div>\n\t\t<\/div>\n\t\t\t\t<div class=\" swiper-slide swiper-lazy\">\n\t\t\t<div class=\"sp-pcp-post pcp-item-780\" data-id=\"780\">\n\t\t\t\t\t\t\t\t<div class=\"pcp-post-thumb-wrapper\">\n\t\t\t\t\t<div class=\"sp-pcp-post-thumb-area\">\n\t\t\t\t\t\t\t\t\t\t\t\t<a class=\"sp-pcp-thumb\" href=\"https:\/\/fondoaccion.org\/colombiabajaencarbono\/movilidad-sostenible-en-fusagasuga-cundinamarca-a-partir-de-la-instalacion-y-puesta-en-funcionamiento-de-estaciones-de-bicicletas-mecanicas-y-electricas-con-sistemas-de-energia-solar-fotovoltaica-pa\/\" target=\"_self\" >\n\t\t\t\t\t\t\t\t\t\t\t\t\t<img loading=\"lazy\" decoding=\"async\" src=\"https:\/\/fondoaccion.org\/colombiabajaencarbono\/wp-content\/uploads\/2022\/08\/16_Ficha_CORPOEMA_2022-1_page-0001.jpg\" width=\"1275\" height=\"1650\" alt=\"Movilidad Sostenible en Fusagasug\u00e1, Cundinamarca, a partir de la instalaci\u00f3n y puesta en funcionamiento de estaciones de bicicletas mec\u00e1nicas y el\u00e9ctricas con sistemas de energ\u00eda solar\">\n\t\t\t\t\t\t<\/a>\n\t\t\t\t\t<\/div>\n\t\t\t\t<\/div>\n\t\t\t\t\t\t\t<\/div>\n\t\t<\/div>\n\t\t\t\t<div class=\" swiper-slide swiper-lazy\">\n\t\t\t<div class=\"sp-pcp-post pcp-item-782\" data-id=\"782\">\n\t\t\t\t\t\t\t\t<div class=\"pcp-post-thumb-wrapper\">\n\t\t\t\t\t<div class=\"sp-pcp-post-thumb-area\">\n\t\t\t\t\t\t\t\t\t\t\t\t<a class=\"sp-pcp-thumb\" href=\"https:\/\/fondoaccion.org\/colombiabajaencarbono\/conservacion-y-restauracion-de-zonas-afectadas-por-actividades-agropecuarias-y-promocion-de-negocios-verdes-como-estrategias-para-la-reduccion-de-emisiones-de-gei-en-la-reserva-ecopalacio-y-otras-cua\/\" target=\"_self\" >\n\t\t\t\t\t\t\t\t\t\t\t\t\t<img loading=\"lazy\" decoding=\"async\" src=\"https:\/\/fondoaccion.org\/colombiabajaencarbono\/wp-content\/uploads\/2022\/08\/17_Ficha_ECOPALACIO_2022-1_page-0001.jpg\" width=\"1275\" height=\"1650\" alt=\"Conservaci\u00f3n y restauraci\u00f3n de zonas afectadas por actividades agropecuarias y promoci\u00f3n de negocios verdes como estrategias para la reducci\u00f3n de emisiones de GEI\">\n\t\t\t\t\t\t<\/a>\n\t\t\t\t\t<\/div>\n\t\t\t\t<\/div>\n\t\t\t\t\t\t\t<\/div>\n\t\t<\/div>\n\t\t\t\t<div class=\" swiper-slide swiper-lazy\">\n\t\t\t<div class=\"sp-pcp-post pcp-item-784\" data-id=\"784\">\n\t\t\t\t\t\t\t\t<div class=\"pcp-post-thumb-wrapper\">\n\t\t\t\t\t<div class=\"sp-pcp-post-thumb-area\">\n\t\t\t\t\t\t\t\t\t\t\t\t<a class=\"sp-pcp-thumb\" href=\"https:\/\/fondoaccion.org\/colombiabajaencarbono\/fertilup-producto-silicatado-derivado-de-vidrio-transformado-que-promueve-el-acondicionamiento-de-suelos-y-contribuye-a-la-mitigacion-de-gei-en-el-sector-agronomico-en-la-egion-caribe\/\" target=\"_self\" >\n\t\t\t\t\t\t\t\t\t\t\t\t\t<img loading=\"lazy\" decoding=\"async\" src=\"https:\/\/fondoaccion.org\/colombiabajaencarbono\/wp-content\/uploads\/2022\/08\/18_Ficha_LUP_2022-1_page-0001.jpg\" width=\"1275\" height=\"1650\" alt=\"FertiLup\">\n\t\t\t\t\t\t<\/a>\n\t\t\t\t\t<\/div>\n\t\t\t\t<\/div>\n\t\t\t\t\t\t\t<\/div>\n\t\t<\/div>\n\t\t\t\t<div class=\" swiper-slide swiper-lazy\">\n\t\t\t<div class=\"sp-pcp-post pcp-item-786\" data-id=\"786\">\n\t\t\t\t\t\t\t\t<div class=\"pcp-post-thumb-wrapper\">\n\t\t\t\t\t<div class=\"sp-pcp-post-thumb-area\">\n\t\t\t\t\t\t\t\t\t\t\t\t<a class=\"sp-pcp-thumb\" href=\"https:\/\/fondoaccion.org\/colombiabajaencarbono\/implementacion-del-proceso-de-gasificacion-de-biomasa-residual-con-fines-de-generacion-de-energia-electrica-y-potencial-reduccion-de-las-emisiones-derivadas-de-la-inadecuada-disposicion-de-los-residuo\/\" target=\"_self\" >\n\t\t\t\t\t\t\t\t\t\t\t\t\t<img loading=\"lazy\" decoding=\"async\" src=\"https:\/\/fondoaccion.org\/colombiabajaencarbono\/wp-content\/uploads\/2022\/08\/19_Ficha_UNICORDOBA2022-1_page-0001.jpg\" width=\"1275\" height=\"1650\" alt=\"Implementaci\u00f3n del proceso de gasificaci\u00f3n de biomasa residual con fines de generaci\u00f3n de energ\u00eda el\u00e9ctrica y potencial reducci\u00f3n de las emisiones derivadas de la inadecuada disposici\u00f3n de los residuos en el corregimiento de batata\">\n\t\t\t\t\t\t<\/a>\n\t\t\t\t\t<\/div>\n\t\t\t\t<\/div>\n\t\t\t\t\t\t\t<\/div>\n\t\t<\/div>\n\t\t\t\t<div class=\" swiper-slide swiper-lazy\">\n\t\t\t<div class=\"sp-pcp-post pcp-item-788\" data-id=\"788\">\n\t\t\t\t\t\t\t\t<div class=\"pcp-post-thumb-wrapper\">\n\t\t\t\t\t<div class=\"sp-pcp-post-thumb-area\">\n\t\t\t\t\t\t\t\t\t\t\t\t<a class=\"sp-pcp-thumb\" href=\"https:\/\/fondoaccion.org\/colombiabajaencarbono\/aprovechamiento-de-estiercoles-y-residuos-organicos-en-unidades-productivas-de-ganado-de-leche-del-departamento-de-boyaca-para-la-generacion-de-biogas-como-combustible-limpio\/\" target=\"_self\" >\n\t\t\t\t\t\t\t\t\t\t\t\t\t<img loading=\"lazy\" decoding=\"async\" src=\"https:\/\/fondoaccion.org\/colombiabajaencarbono\/wp-content\/uploads\/2022\/08\/20_Ficha_UPTC_2022-1_page-0001.jpg\" width=\"1275\" height=\"1650\" alt=\"Aprovechamiento de esti\u00e9rcoles y residuos org\u00e1nicos en unidades productivas de ganado de leche del departamento de Boyac\u00e1\">\n\t\t\t\t\t\t<\/a>\n\t\t\t\t\t<\/div>\n\t\t\t\t<\/div>\n\t\t\t\t\t\t\t<\/div>\n\t\t<\/div>\n\t\t\t\t\t<\/div>\n\t\t\t\t\t\t<div class=\"pcp-pagination swiper-pagination dots\"><\/div>\n\t\t\t\t\t\t\t\t\t\t<div class=\"pcp-button-next swiper-button-next top_right\"><i class=\"fa fa-angle-right\"><\/i><\/div>\n\t\t\t\t<div class=\"pcp-button-prev swiper-button-prev top_right\"><i class=\"fa fa-angle-left\"><\/i><\/div>\t<\/div>\n<\/div>\n\t\t<\/div>\n\t\t\t\t<\/div>\n\t\t\t\t<div class=\"elementor-element elementor-element-5906c9e elementor-align-center elementor-mobile-align-center elementor-widget elementor-widget-button\" data-id=\"5906c9e\" data-element_type=\"widget\" data-widget_type=\"button.default\">\n\t\t\t\t<div class=\"elementor-widget-container\">\n\t\t\t\t\t<div class=\"elementor-button-wrapper\">\n\t\t\t<a href=\"https:\/\/fondoaccion.org\/?smd_process_download=1&#038;download_id=15582\" class=\"elementor-button-link elementor-button elementor-size-sm elementor-animation-grow\" role=\"button\">\n\t\t\t\t\t\t<span class=\"elementor-button-content-wrapper\">\n\t\t\t\t\t\t<span class=\"elementor-button-text\">DESCARGAR PORTAFOLIO COMPLETO<\/span>\n\t\t<\/span>\n\t\t\t\t\t<\/a>\n\t\t<\/div>\n\t\t\t\t<\/div>\n\t\t\t\t<\/div>\n\t\t\t\t\t<\/div>\n\t\t<\/div>\n\t\t\t\t\t\t\t<\/div>\n\t\t<\/section>\n\t\t\t\t\t<\/div>\n\t\t<\/div>\n\t\t\t\t\t\t\t<\/div>\n\t\t<\/section>\n\t\t\t\t\t\t\t<\/div>\n\t\t","protected":false},"excerpt":{"rendered":"<p>En los sectores del agro, el turismo, la construcci\u00f3n, el manejo y aprovechamiento de los residuos s\u00f3lidos, las energ\u00edas sustentables, la movilidad, la conservaci\u00f3n y restauraci\u00f3n, entre otras, est\u00e1n algunas de las posibilidades de inversi\u00f3n que abrimos para que empresarios, cooperantes y otros inversionistas impulsen formas de hacer las cosas que busquen la sostenibilidad socio &hellip;<\/p>\n<p class=\"read-more\"> <a class=\"\" href=\"https:\/\/fondoaccion.org\/colombiabajaencarbono\/aprovechamiento-de-estiercoles-y-residuos-organicos-en-unidades-productivas-de-ganado-de-leche-del-departamento-de-boyaca-para-la-generacion-de-biogas-como-combustible-limpio\/\"> <span class=\"screen-reader-text\">Aprovechamiento de esti\u00e9rcoles y residuos org\u00e1nicos en unidades productivas de ganado de leche del departamento de Boyac\u00e1, para la generaci\u00f3n de biog\u00e1s como combustible limpio.<\/span> Leer m\u00e1s &raquo;<\/a><\/p>\n","protected":false},"author":2,"featured_media":0,"parent":0,"menu_order":0,"comment_status":"closed","ping_status":"closed","template":"","meta":{"site-sidebar-layout":"no-sidebar","site-content-layout":"page-builder","ast-global-header-display":"","ast-main-header-display":"","ast-hfb-above-header-display":"","ast-hfb-below-header-display":"","ast-hfb-mobile-header-display":"","site-post-title":"disabled","ast-breadcrumbs-content":"","ast-featured-img":"disabled","footer-sml-layout":"","theme-transparent-header-meta":"","adv-header-id-meta":"","stick-header-meta":"","header-above-stick-meta":"","header-main-stick-meta":"","header-below-stick-meta":"","footnotes":""},"class_list":["post-12","page","type-page","status-publish","hentry"],"_links":{"self":[{"href":"https:\/\/fondoaccion.org\/colombiabajaencarbono\/wp-json\/wp\/v2\/pages\/12","targetHints":{"allow":["GET"]}}],"collection":[{"href":"https:\/\/fondoaccion.org\/colombiabajaencarbono\/wp-json\/wp\/v2\/pages"}],"about":[{"href":"https:\/\/fondoaccion.org\/colombiabajaencarbono\/wp-json\/wp\/v2\/types\/page"}],"author":[{"embeddable":true,"href":"https:\/\/fondoaccion.org\/colombiabajaencarbono\/wp-json\/wp\/v2\/users\/2"}],"replies":[{"embeddable":true,"href":"https:\/\/fondoaccion.org\/colombiabajaencarbono\/wp-json\/wp\/v2\/comments?post=12"}],"version-history":[{"count":176,"href":"https:\/\/fondoaccion.org\/colombiabajaencarbono\/wp-json\/wp\/v2\/pages\/12\/revisions"}],"predecessor-version":[{"id":2682,"href":"https:\/\/fondoaccion.org\/colombiabajaencarbono\/wp-json\/wp\/v2\/pages\/12\/revisions\/2682"}],"wp:attachment":[{"href":"https:\/\/fondoaccion.org\/colombiabajaencarbono\/wp-json\/wp\/v2\/media?parent=12"}],"curies":[{"name":"wp","href":"https:\/\/api.w.org\/{rel}","templated":true}]}}